{"id":2247,"date":"2021-01-04T17:44:57","date_gmt":"2021-01-04T16:44:57","guid":{"rendered":"http:\/\/yadelart.org\/?page_id=2247"},"modified":"2026-09-01T16:24:24","modified_gmt":"2026-09-01T14:24:24","slug":"information","status":"publish","type":"page","link":"https:\/\/yadelart.org\/?page_id=2247","title":{"rendered":"INFORMATIONS"},"content":{"rendered":"\n<p class=\"wp-block-paragraph\">C\u2019est la rentr\u00e9e chez Les Papillons !&nbsp;<\/p>\n\n\n\n<p class=\"wp-block-paragraph\">Apr\u00e8s la pause estivale, toute l\u2019\u00e9quipe des Papillons est heureuse de vous retrouver !<\/p>\n\n\n\n<p class=\"wp-block-paragraph\"><strong>Rendez-vous le samedi 5 septembre de 10h \u00e0 17h<\/strong><\/p>\n\n\n\n<p class=\"wp-block-paragraph\">Sur le <strong>parking des Platanes \u00e0 Carpentras<\/strong>.<\/p>\n\n\n\n<p class=\"wp-block-paragraph\">\u00c0 l\u2019occasion de la <strong>Journ\u00e9e des Associations<\/strong>, venez nous rencontrer, \u00e9changer avec notre \u00e9quipe et d\u00e9couvrir nos actions.<\/p>\n\n\n\n<p class=\"wp-block-paragraph\">Nous avons h\u00e2te de vous retrouver !<\/p>\n\n\n\n<p class=\"wp-block-paragraph\">\u00c0 tr\u00e8s bient\u00f4t,<\/p>\n\n\n\n<p class=\"wp-block-paragraph\">L\u2019\u00e9quipe des Papillons<\/p>\n\n\n\n<figure class=\"wp-block-image size-full\"><img loading=\"lazy\" decoding=\"async\" width=\"1536\" height=\"1024\" src=\"https:\/\/yadelart.org\/wp-content\/uploads\/2026\/09\/ChatGPT-Image-1-sept.-2026-16_08_57.png\" alt=\"\" class=\"wp-image-8601\" srcset=\"https:\/\/yadelart.org\/wp-content\/uploads\/2026\/09\/ChatGPT-Image-1-sept.-2026-16_08_57.png 1536w, https:\/\/yadelart.org\/wp-content\/uploads\/2026\/09\/ChatGPT-Image-1-sept.-2026-16_08_57-1200x800.png 1200w, https:\/\/yadelart.org\/wp-content\/uploads\/2026\/09\/ChatGPT-Image-1-sept.-2026-16_08_57-150x100.png 150w, https:\/\/yadelart.org\/wp-content\/uploads\/2026\/09\/ChatGPT-Image-1-sept.-2026-16_08_57-768x512.png 768w, https:\/\/yadelart.org\/wp-content\/uploads\/2026\/09\/ChatGPT-Image-1-sept.-2026-16_08_57-470x313.png 470w\" sizes=\"auto, (max-width: 1536px) 100vw, 1536px\" \/><\/figure>\n\n\n\n<hr class=\"wp-block-separator has-alpha-channel-opacity\"\/>\n\n\n\n<p class=\"wp-block-paragraph\"><\/p>\n\n\n\n<figure class=\"wp-block-image size-large\"><img loading=\"lazy\" decoding=\"async\" width=\"1357\" height=\"1920\" src=\"https:\/\/yadelart.org\/wp-content\/uploads\/2026\/09\/AFFICHE-lecture-2026-1357x1920.jpg\" alt=\"\" class=\"wp-image-8604\" srcset=\"https:\/\/yadelart.org\/wp-content\/uploads\/2026\/09\/AFFICHE-lecture-2026-1357x1920.jpg 1357w, https:\/\/yadelart.org\/wp-content\/uploads\/2026\/09\/AFFICHE-lecture-2026-848x1200.jpg 848w, https:\/\/yadelart.org\/wp-content\/uploads\/2026\/09\/AFFICHE-lecture-2026-106x150.jpg 106w, https:\/\/yadelart.org\/wp-content\/uploads\/2026\/09\/AFFICHE-lecture-2026-768x1086.jpg 768w, https:\/\/yadelart.org\/wp-content\/uploads\/2026\/09\/AFFICHE-lecture-2026-1086x1536.jpg 1086w, https:\/\/yadelart.org\/wp-content\/uploads\/2026\/09\/AFFICHE-lecture-2026-1448x2048.jpg 1448w, https:\/\/yadelart.org\/wp-content\/uploads\/2026\/09\/AFFICHE-lecture-2026-scaled.jpg 1810w\" sizes=\"auto, (max-width: 1357px) 100vw, 1357px\" \/><\/figure>\n\n\n\n<hr class=\"wp-block-separator has-alpha-channel-opacity\"\/>\n\n\n\n<p class=\"wp-block-paragraph\"><strong>Les PAPILLONS ouvrent un nouveau lieu culturel \u00e0 Carpentras<\/strong><\/p>\n\n\n\n<p class=\"wp-block-paragraph\">Chaque \u00e9t\u00e9 depuis 18 ans, Les PAPILLONS pr\u00e9sentent au plus large public les cr\u00e9ations d\u2019artistes professionnels, semi-professionnels ou amateurs passionn\u00e9s.<\/p>\n\n\n\n<p class=\"wp-block-paragraph\">Tous les genres, toutes les \u00e9coles et toutes les sensibilit\u00e9s artistiques y trouvent leur place.<\/p>\n\n\n\n<p class=\"wp-block-paragraph\">Dans le m\u00eame esprit d\u2019ouverture et de partage, Les PAPILLONS se lancent aujourd\u2019hui un nouveau d\u00e9fi :&nbsp;<\/p>\n\n\n\n<p class=\"wp-block-paragraph\">cr\u00e9er \u00e0 Carpentras un lieu culturel permanent, ouvert \u00e0 tous les publics, d\u00e9di\u00e9 \u00e0 la cr\u00e9ation, \u00e0 la beaut\u00e9, \u00e0 la d\u00e9couverte et \u00e0 la r\u00e9flexion.<\/p>\n\n\n\n<p class=\"wp-block-paragraph\">Ce nouvel espace sera bien plus qu\u2019un lieu d\u2019exposition.&nbsp;<\/p>\n\n\n\n<p class=\"wp-block-paragraph\">Il accueillera r\u00e9guli\u00e8rement des ateliers artistiques pour les petits comme pour les grands, des animations et rencontres autour de l\u2019art, ainsi que, bien s\u00fbr, des lectures et des rendez-vous culturels.<\/p>\n\n\n\n<p class=\"wp-block-paragraph\">Un lieu vivant, ouvert \u00e0 tous, o\u00f9 chacun pourra venir d\u00e9couvrir, apprendre, cr\u00e9er, \u00e9changer et simplement prendre le temps de regarder et de r\u00eaver.<\/p>\n\n\n\n<p class=\"wp-block-paragraph\">L\u2019\u00e9quipe des PAPILLONS, salari\u00e9s et b\u00e9n\u00e9voles, aura le plaisir de vous accueillir&nbsp;<strong>Le vendredi 18 septembre 2026<\/strong><\/p>\n\n\n\n<p class=\"wp-block-paragraph\"><\/p>\n\n\n\n<figure class=\"wp-block-gallery has-nested-images columns-default is-cropped wp-block-gallery-1 is-layout-flex wp-block-gallery-is-layout-flex\"><\/figure>\n\n\n\n<ul class=\"wp-block-list\">\n<li><strong>18 h 00 \/&nbsp;inauguration du centre culturel<\/strong><\/li>\n\n\n\n<li><strong>18 h 30 Vernissage de l\u2019exposition de Louis Rama \u00ab\u00a0<\/strong><strong>O\u00f9 allons-nous ?\u00a0\u00bb<\/strong><\/li>\n<\/ul>\n\n\n\n<p class=\"wp-block-paragraph\">Nous esp\u00e9rons vous retrouver nombreux pour partager avec nous ce nouveau chapitre de l\u2019aventure des PAPILLONS \u00e0 Carpentras.<\/p>\n\n\n\n<p class=\"wp-block-paragraph\">Cordialement,<\/p>\n\n\n\n<p class=\"wp-block-paragraph\">Camille SENOBLE<br>Pr\u00e9sident des PAPILLONS<\/p>\n\n\n\n<figure class=\"wp-block-image size-large\"><img loading=\"lazy\" decoding=\"async\" width=\"1263\" height=\"1787\" src=\"https:\/\/yadelart.org\/wp-content\/uploads\/2026\/08\/Carton-25.VIII_.26-Les-Papillons-1.png\" alt=\"\" class=\"wp-image-8593\" srcset=\"https:\/\/yadelart.org\/wp-content\/uploads\/2026\/08\/Carton-25.VIII_.26-Les-Papillons-1.png 1263w, https:\/\/yadelart.org\/wp-content\/uploads\/2026\/08\/Carton-25.VIII_.26-Les-Papillons-1-848x1200.png 848w, https:\/\/yadelart.org\/wp-content\/uploads\/2026\/08\/Carton-25.VIII_.26-Les-Papillons-1-106x150.png 106w, https:\/\/yadelart.org\/wp-content\/uploads\/2026\/08\/Carton-25.VIII_.26-Les-Papillons-1-768x1087.png 768w, https:\/\/yadelart.org\/wp-content\/uploads\/2026\/08\/Carton-25.VIII_.26-Les-Papillons-1-1086x1536.png 1086w\" sizes=\"auto, (max-width: 1263px) 100vw, 1263px\" \/><\/figure>\n\n\n\n<figure class=\"wp-block-image size-large\"><img loading=\"lazy\" decoding=\"async\" width=\"1358\" height=\"1920\" src=\"https:\/\/yadelart.org\/wp-content\/uploads\/2026\/08\/Affiche-25.VIII_.26-Ou-allons-nous--1358x1920.png\" alt=\"\" class=\"wp-image-8594\" srcset=\"https:\/\/yadelart.org\/wp-content\/uploads\/2026\/08\/Affiche-25.VIII_.26-Ou-allons-nous--1358x1920.png 1358w, https:\/\/yadelart.org\/wp-content\/uploads\/2026\/08\/Affiche-25.VIII_.26-Ou-allons-nous--849x1200.png 849w, https:\/\/yadelart.org\/wp-content\/uploads\/2026\/08\/Affiche-25.VIII_.26-Ou-allons-nous--106x150.png 106w, https:\/\/yadelart.org\/wp-content\/uploads\/2026\/08\/Affiche-25.VIII_.26-Ou-allons-nous--768x1086.png 768w, https:\/\/yadelart.org\/wp-content\/uploads\/2026\/08\/Affiche-25.VIII_.26-Ou-allons-nous--1086x1536.png 1086w, https:\/\/yadelart.org\/wp-content\/uploads\/2026\/08\/Affiche-25.VIII_.26-Ou-allons-nous--1448x2048.png 1448w, https:\/\/yadelart.org\/wp-content\/uploads\/2026\/08\/Affiche-25.VIII_.26-Ou-allons-nous--scaled.png 1810w\" sizes=\"auto, (max-width: 1358px) 100vw, 1358px\" \/><\/figure>\n\n\n\n<hr class=\"wp-block-separator has-alpha-channel-opacity\"\/>\n\n\n\n<h3 class=\"wp-block-heading\">APPEL \u00c0 EXPOSER <\/h3>\n\n\n\n<p class=\"wp-block-paragraph\">CENTRE CULTUREL LES PAPILLONS <\/p>\n\n\n\n<p class=\"wp-block-paragraph\">Vous \u00eates <strong>artiste \u00e9mergent ou confirm\u00e9<\/strong> ? <\/p>\n\n\n\n<p class=\"wp-block-paragraph\">Peintre, sculpteur, photographe, plasticien\u2026 <strong>toutes les disciplines artistiques sont les bienvenues !<\/strong><\/p>\n\n\n\n<p class=\"wp-block-paragraph\">Le <strong>Centre Culturel Les Papillons<\/strong>, \u00e0 <strong>Carpentras<\/strong>, vous ouvre ses portes pour une exposition de <strong>4 semaines<\/strong> dans un espace d\u00e9di\u00e9 \u00e0 l\u2019expression artistique, <strong>au c\u0153ur de la culture et de la ville<\/strong>.<\/p>\n\n\n\n<p class=\"wp-block-paragraph\"><strong>Envoyez votre dossier de s\u00e9lection<\/strong> pour proposer votre univers artistique.<br><strong>36, rue des Fr\u00e8res Laurens \u2013 84200 Carpentras<\/strong><br><strong>20 \u20ac d\u2019adh\u00e9sion \u00e0 l\u2019association<\/strong><br><a href=\"http:\/\/www.yadelart.org\">www.yadelart.org<\/a><br><strong>04 90 60 69 54<\/strong><br><strong><a>contact@yadelart.org<\/a><\/strong><\/p>\n\n\n\n<p class=\"wp-block-paragraph\"><strong>Partagez votre univers, inspirez, \u00e9mouvez !<\/strong><\/p>\n\n\n\n<figure class=\"wp-block-image size-full\"><img loading=\"lazy\" decoding=\"async\" width=\"1444\" height=\"1089\" src=\"https:\/\/yadelart.org\/wp-content\/uploads\/2026\/09\/WhatsApp-Image-2026-07-30-at-10.06.33.jpeg\" alt=\"\" class=\"wp-image-8606\" srcset=\"https:\/\/yadelart.org\/wp-content\/uploads\/2026\/09\/WhatsApp-Image-2026-07-30-at-10.06.33.jpeg 1444w, https:\/\/yadelart.org\/wp-content\/uploads\/2026\/09\/WhatsApp-Image-2026-07-30-at-10.06.33-1200x905.jpeg 1200w, https:\/\/yadelart.org\/wp-content\/uploads\/2026\/09\/WhatsApp-Image-2026-07-30-at-10.06.33-150x113.jpeg 150w, https:\/\/yadelart.org\/wp-content\/uploads\/2026\/09\/WhatsApp-Image-2026-07-30-at-10.06.33-768x579.jpeg 768w\" sizes=\"auto, (max-width: 1444px) 100vw, 1444px\" \/><\/figure>\n\n\n\n<hr class=\"wp-block-separator has-alpha-channel-opacity\"\/>\n\n\n\n<p class=\"wp-block-paragraph\">D\u00e9couvrez en images les toiles pr\u00e9sent\u00e9es lors de notre exposition de cette ann\u00e9e.<\/p>\n\n\n\n<p class=\"wp-block-paragraph\">Cette vid\u00e9o met \u00e0 l&rsquo;honneur les \u0153uvres expos\u00e9es et invite \u00e0 les red\u00e9couvrir sous un autre regard. Nous esp\u00e9rons que ce voyage artistique vous plaira.<\/p>\n\n\n\n<p class=\"wp-block-paragraph\">Bon visionnage !<\/p>\n\n\n\n<figure class=\"wp-block-embed is-type-video is-provider-youtube wp-block-embed-youtube wp-embed-aspect-16-9 wp-has-aspect-ratio\"><div class=\"wp-block-embed__wrapper\">\nhttps:\/\/www.youtube.com\/watch?v=NFwE9ZNecfA&#038;t=7s\n<\/div><\/figure>\n\n\n\n<p class=\"wp-block-paragraph\">Les PAPILLONS ont le plaisir de vous convier au vernissage du festival <strong>\u00ab Y\u2019A DE L\u2019ART DANS L\u2019AIR \u00bb<\/strong>,<\/p>\n\n\n\n<p class=\"wp-block-paragraph\">Il se tiendra le <strong>vendredi 5 juillet<\/strong> au <strong>square de Champeville \u00e0 Carpentras<\/strong>.<br>L\u2019accueil des artistes d\u00e9butera \u00e0 <strong>10h30<\/strong>, suivi de l\u2019inauguration des expositions \u00e0 <strong>11h30<\/strong><\/p>\n\n\n\n<div data-wp-interactive=\"core\/file\" class=\"wp-block-file\"><object data-wp-bind--hidden=\"!state.hasPdfPreview\" hidden class=\"wp-block-file__embed\" data=\"https:\/\/yadelart.org\/wp-content\/uploads\/2025\/07\/INVIT-YA-DE-LART-2025.pdf\" type=\"application\/pdf\" style=\"width:100%;height:600px\" aria-label=\"Contenu embarqu\u00e9 INVIT YA DE LART 2025.\"><\/object><a id=\"wp-block-file--media-b33b7371-e58b-47ca-8985-a5c08fa4cede\" href=\"https:\/\/yadelart.org\/wp-content\/uploads\/2025\/07\/INVIT-YA-DE-LART-2025.pdf\">INVIT YA DE LART 2025<\/a><a href=\"https:\/\/yadelart.org\/wp-content\/uploads\/2025\/07\/INVIT-YA-DE-LART-2025.pdf\" class=\"wp-block-file__button wp-element-button\" download aria-describedby=\"wp-block-file--media-b33b7371-e58b-47ca-8985-a5c08fa4cede\">T\u00e9l\u00e9charger<\/a><\/div>\n\n\n\n<figure class=\"wp-block-image size-full\"><img loading=\"lazy\" decoding=\"async\" width=\"613\" height=\"260\" src=\"https:\/\/yadelart.org\/wp-content\/uploads\/2024\/12\/alerte-info-connexion-divine.png\" alt=\"\" class=\"wp-image-6711\" srcset=\"https:\/\/yadelart.org\/wp-content\/uploads\/2024\/12\/alerte-info-connexion-divine.png 613w, https:\/\/yadelart.org\/wp-content\/uploads\/2024\/12\/alerte-info-connexion-divine-150x64.png 150w\" sizes=\"auto, (max-width: 613px) 100vw, 613px\" \/><\/figure>\n\n\n\n<p class=\"wp-block-paragraph\"><strong><u>Appel \u00e0 dons pour le Festival \u00ab\u00a0Les Papillons 2025\u00a0\u00bb<\/u><\/strong><\/p>\n\n\n\n<p class=\"wp-block-paragraph\">Chers amis Carpentrassiens, partenaires, artsites et passionn\u00e9s d\u2019art,<\/p>\n\n\n\n<p class=\"wp-block-paragraph\">Nous faisons appel \u00e0 votre g\u00e9n\u00e9rosit\u00e9 pour soutenir le Festival \u00ab\u00a0Les Papillons\u00a0\u00bb, qui illumine chaque ann\u00e9e les rues de Carpentras avec ses expositions uniques et accessibles \u00e0 tous.<\/p>\n\n\n\n<p class=\"wp-block-paragraph\"><strong>Situation actuelle<\/strong><\/p>\n\n\n\n<p class=\"wp-block-paragraph\">Face \u00e0 une augmentation significative des co\u00fbts et \u00e0 la r\u00e9duction de certaines sources de financement, notre festival est aujourd\u2019hui menac\u00e9.<\/p>\n\n\n\n<ul class=\"wp-block-list\">\n<li>La subvention municipale, bien que pr\u00e9cieuse, reste inchang\u00e9e depuis plusieurs ann\u00e9es.<\/li>\n\n\n\n<li>La r\u00e9gion ne nous a pas accord\u00e9 les 4 000\u20ac habituels.<\/li>\n\n\n\n<li>Aucune aide n\u2019a \u00e9t\u00e9 obtenue de la part du d\u00e9partement depuis plusieurs ann\u00e9es.<\/li>\n<\/ul>\n\n\n\n<p class=\"wp-block-paragraph\"><strong>Hausse des co\u00fbts<\/strong><\/p>\n\n\n\n<p class=\"wp-block-paragraph\">Les mat\u00e9riaux indispensables \u00e0 la r\u00e9alisation des expositions ont vu leurs prix grimper de mani\u00e8re spectaculaire :<\/p>\n\n\n\n<ul class=\"wp-block-list\">\n<li><strong>Toile<\/strong> : de 10\u20ac \u00e0 <strong>47\u20ac<\/strong><\/li>\n\n\n\n<li><strong>Ballons<\/strong> : de 4,50\u20ac \u00e0 <strong>15\u20ac<\/strong><\/li>\n\n\n\n<li><strong>Parapluies<\/strong> : de 3,50\u20ac \u00e0 <strong>6\u20ac<\/strong><\/li>\n\n\n\n<li><strong>Livraison de toile (par La Poste)<\/strong> : de 7\u20ac \u00e0 <strong>15\u20ac<\/strong><\/li>\n<\/ul>\n\n\n\n<p class=\"wp-block-paragraph\"><strong>Un objectif crucial : 7 500\u20ac<\/strong><\/p>\n\n\n\n<p class=\"wp-block-paragraph\">Sans ces fonds, la majorit\u00e9 des \u00e9v\u00e9nements pr\u00e9vus cet \u00e9t\u00e9 ne pourront voir le jour.<\/p>\n\n\n\n<p class=\"wp-block-paragraph\">Votre aide est essentielle pour que le festival continue \u00e0 faire r\u00eaver Carpentras et ses visiteurs.<\/p>\n\n\n\n<p class=\"wp-block-paragraph\"><strong>Comment nous soutenir ?<\/strong><\/p>\n\n\n\n<p class=\"wp-block-paragraph\">Vous pouvez participer par :<\/p>\n\n\n\n<ol start=\"1\" class=\"wp-block-list\">\n<li><strong>Un don par ch\u00e8que au nom de l\u2019association \u00ab&nbsp;les Papillons de Carpentras&nbsp;\u00bb<\/strong><\/li>\n\n\n\n<li><strong>Un parrainage financier par des entreprises<\/strong><\/li>\n\n\n\n<li><strong>Partag\u00e9 notre demande de soutien<\/strong><\/li>\n<\/ol>\n\n\n\n<p class=\"wp-block-paragraph\">Chaque geste compte, et c\u2019est gr\u00e2ce \u00e0 vous que la magie des Papillons pourra continuer \u00e0 voler haut dans les rues de Carpentras. Merci pour votre soutien et votre g\u00e9n\u00e9rosit\u00e9 !<\/p>\n\n\n\n<p class=\"wp-block-paragraph\"><strong>L\u2019\u00e9quipe du Festival Les Papillons<\/strong><\/p>\n\n\n\n<p class=\"wp-block-paragraph\"><strong>Association : Les Papillons 36, rue des fr\u00e8res Laurens 84200 Carpentras<\/strong><\/p>\n\n\n\n<p class=\"wp-block-paragraph\">&#8212;&#8212;&#8212;&#8212;&#8212;&#8212;&#8212;&#8212;&#8212;&#8212;&#8212;&#8212;&#8212;&#8212;&#8212;&#8212;&#8212;&#8212;&#8212;&#8212;&#8212;&#8212;&#8212;&#8212;&#8212;&#8212;&#8212;&#8212;&#8212;&#8212;&#8212;&#8212;&#8212;&#8212;&#8212;&#8212;&#8212;&#8212;&#8212;&#8212;&#8212;&#8212;&#8212;&#8212;&#8212;&#8212;&#8212;&#8212;&#8212;&#8212;-<\/p>\n\n\n\n<p class=\"wp-block-paragraph\">Les PAPILLONS ont le plaisir de vous convier au vernissage du Festival \u00ab\u00a0<strong><em>Y\u2019A&nbsp; DE&nbsp; L\u2019ART&nbsp; DANS&nbsp; L\u2019AIR\u00a0\u00bb <\/em><\/strong><\/p>\n\n\n\n<p class=\"wp-block-paragraph\"><strong><em>Samedi 29 <\/em><\/strong> Juin <em>2024.<\/em> <\/p>\n\n\n\n<p class=\"wp-block-paragraph\"><em>10h30\/ accueil des artistes<\/em> <strong><em>11h00\/ inauguration des expositions<\/em><\/strong> square de Champeville \u00e0 Carpentras.<\/p>\n\n\n\n<figure class=\"wp-block-image size-large\"><img loading=\"lazy\" decoding=\"async\" width=\"1344\" height=\"1920\" src=\"https:\/\/yadelart.org\/wp-content\/uploads\/2024\/06\/AFFICHE-PAPILLONS-2024-1344x1920.jpg\" alt=\"\" class=\"wp-image-6212\" srcset=\"https:\/\/yadelart.org\/wp-content\/uploads\/2024\/06\/AFFICHE-PAPILLONS-2024-1344x1920.jpg 1344w, https:\/\/yadelart.org\/wp-content\/uploads\/2024\/06\/AFFICHE-PAPILLONS-2024-840x1200.jpg 840w, https:\/\/yadelart.org\/wp-content\/uploads\/2024\/06\/AFFICHE-PAPILLONS-2024-105x150.jpg 105w, https:\/\/yadelart.org\/wp-content\/uploads\/2024\/06\/AFFICHE-PAPILLONS-2024-768x1097.jpg 768w, https:\/\/yadelart.org\/wp-content\/uploads\/2024\/06\/AFFICHE-PAPILLONS-2024-1075x1536.jpg 1075w, https:\/\/yadelart.org\/wp-content\/uploads\/2024\/06\/AFFICHE-PAPILLONS-2024-1434x2048.jpg 1434w, https:\/\/yadelart.org\/wp-content\/uploads\/2024\/06\/AFFICHE-PAPILLONS-2024-scaled.jpg 1792w\" sizes=\"auto, (max-width: 1344px) 100vw, 1344px\" \/><\/figure>\n\n\n\n<p class=\"wp-block-paragraph\"><\/p>\n\n\n\n<p class=\"wp-block-paragraph\"><\/p>\n\n\n\n<p class=\"wp-block-paragraph\"><\/p>\n\n\n\n<p class=\"wp-block-paragraph\"><\/p>\n\n\n\n<p class=\"wp-block-paragraph\"><\/p>\n\n\n\n<div class=\"wp-block-columns is-layout-flex wp-container-core-columns-is-layout-8f761849 wp-block-columns-is-layout-flex\">\n<div class=\"wp-block-column is-layout-flow wp-block-column-is-layout-flow\" style=\"flex-basis:100%\">\n<figure class=\"wp-block-gallery has-nested-images columns-default is-cropped wp-block-gallery-2 is-layout-flex wp-block-gallery-is-layout-flex\">\n<figure class=\"wp-block-image size-large\"><img loading=\"lazy\" decoding=\"async\" width=\"1070\" height=\"854\" data-id=\"1734\" src=\"https:\/\/yadelart.org\/wp-content\/uploads\/2020\/09\/pap_1-1.jpg\" alt=\"\" class=\"wp-image-1734\" srcset=\"https:\/\/yadelart.org\/wp-content\/uploads\/2020\/09\/pap_1-1.jpg 1070w, https:\/\/yadelart.org\/wp-content\/uploads\/2020\/09\/pap_1-1-150x120.jpg 150w, https:\/\/yadelart.org\/wp-content\/uploads\/2020\/09\/pap_1-1-768x613.jpg 768w, https:\/\/yadelart.org\/wp-content\/uploads\/2020\/09\/pap_1-1-1064x849.jpg 1064w, https:\/\/yadelart.org\/wp-content\/uploads\/2020\/09\/pap_1-1-716x571.jpg 716w, https:\/\/yadelart.org\/wp-content\/uploads\/2020\/09\/pap_1-1-480x383.jpg 480w\" sizes=\"auto, (max-width: 1070px) 100vw, 1070px\" \/><figcaption class=\"wp-element-caption\"><a href=\"https:\/\/yadelart.org\/index.php\/expo-peinture\/\">https:\/\/yadelart.org\/index.php\/expo-peinture\/<\/a><\/figcaption><\/figure>\n\n\n\n<figure class=\"wp-block-image size-large\"><img loading=\"lazy\" decoding=\"async\" width=\"1024\" height=\"832\" data-id=\"1090\" src=\"https:\/\/yadelart.org\/wp-content\/uploads\/2020\/07\/image-4-1024x832.jpeg\" alt=\"\" class=\"wp-image-1090\" srcset=\"https:\/\/yadelart.org\/wp-content\/uploads\/2020\/07\/image-4-1024x832.jpeg 1024w, https:\/\/yadelart.org\/wp-content\/uploads\/2020\/07\/image-4-300x244.jpeg 300w, https:\/\/yadelart.org\/wp-content\/uploads\/2020\/07\/image-4-768x624.jpeg 768w, https:\/\/yadelart.org\/wp-content\/uploads\/2020\/07\/image-4-74x60.jpeg 74w, https:\/\/yadelart.org\/wp-content\/uploads\/2020\/07\/image-4.jpeg 1070w\" sizes=\"auto, (max-width: 1024px) 100vw, 1024px\" \/><figcaption class=\"wp-element-caption\"><a href=\"https:\/\/yadelart.org\/index.php\/expo-parapluies\/\">https:\/\/yadelart.org\/index.php\/expo-parapluies\/<\/a><\/figcaption><\/figure>\n\n\n\n<figure class=\"wp-block-image size-large\"><img loading=\"lazy\" decoding=\"async\" width=\"1076\" height=\"873\" data-id=\"1623\" src=\"https:\/\/yadelart.org\/wp-content\/uploads\/2020\/09\/Composition1_ballon.jpg\" alt=\"\" class=\"wp-image-1623\" srcset=\"https:\/\/yadelart.org\/wp-content\/uploads\/2020\/09\/Composition1_ballon.jpg 1076w, https:\/\/yadelart.org\/wp-content\/uploads\/2020\/09\/Composition1_ballon-150x122.jpg 150w, https:\/\/yadelart.org\/wp-content\/uploads\/2020\/09\/Composition1_ballon-768x623.jpg 768w, https:\/\/yadelart.org\/wp-content\/uploads\/2020\/09\/Composition1_ballon-1064x863.jpg 1064w, https:\/\/yadelart.org\/wp-content\/uploads\/2020\/09\/Composition1_ballon-716x581.jpg 716w, https:\/\/yadelart.org\/wp-content\/uploads\/2020\/09\/Composition1_ballon-480x389.jpg 480w\" sizes=\"auto, (max-width: 1076px) 100vw, 1076px\" \/><figcaption class=\"wp-element-caption\"><a href=\"https:\/\/yadelart.org\/index.php\/expo-bulles\/\">https:\/\/yadelart.org\/index.php\/expo-bulles\/<\/a><\/figcaption><\/figure>\n<\/figure>\n<\/div>\n<\/div>\n","protected":false},"excerpt":{"rendered":"<p>C\u2019est la rentr\u00e9e chez Les Papillons !&nbsp; Apr\u00e8s la pause estivale, toute l\u2019\u00e9quipe des Papillons est heureuse de vous retrouver ! Rendez-vous le samedi 5 septembre de 10h \u00e0 17h Sur le parking des Platanes \u00e0 Carpentras. \u00c0 l\u2019occasion de&#8230; <\/p>\n","protected":false},"author":1,"featured_media":0,"parent":0,"menu_order":0,"comment_status":"closed","ping_status":"closed","template":"","meta":{"footnotes":""},"class_list":["post-2247","page","type-page","status-publish","hentry"],"_links":{"self":[{"href":"https:\/\/yadelart.org\/index.php?rest_route=\/wp\/v2\/pages\/2247","targetHints":{"allow":["GET"]}}],"collection":[{"href":"https:\/\/yadelart.org\/index.php?rest_route=\/wp\/v2\/pages"}],"about":[{"href":"https:\/\/yadelart.org\/index.php?rest_route=\/wp\/v2\/types\/page"}],"author":[{"embeddable":true,"href":"https:\/\/yadelart.org\/index.php?rest_route=\/wp\/v2\/users\/1"}],"replies":[{"embeddable":true,"href":"https:\/\/yadelart.org\/index.php?rest_route=%2Fwp%2Fv2%2Fcomments&post=2247"}],"version-history":[{"count":63,"href":"https:\/\/yadelart.org\/index.php?rest_route=\/wp\/v2\/pages\/2247\/revisions"}],"predecessor-version":[{"id":8608,"href":"https:\/\/yadelart.org\/index.php?rest_route=\/wp\/v2\/pages\/2247\/revisions\/8608"}],"wp:attachment":[{"href":"https:\/\/yadelart.org\/index.php?rest_route=%2Fwp%2Fv2%2Fmedia&parent=2247"}],"curies":[{"name":"wp","href":"https:\/\/api.w.org\/{rel}","templated":true}]}}